{"id":742,"date":"2025-02-14T19:09:07","date_gmt":"2025-02-14T18:09:07","guid":{"rendered":"https:\/\/www.futur.ugsel-finistere.org\/futur.ugsel-finistere.org\/?page_id=742"},"modified":"2026-03-13T16:27:29","modified_gmt":"2026-03-13T15:27:29","slug":"2d-futsal","status":"publish","type":"page","link":"https:\/\/ugsel-finistere.org\/index.php\/2d-futsal\/","title":{"rendered":"Futsal"},"content":{"rendered":"\n<div id=\"wp-block-themeisle-blocks-button-group-9d069cc4\" class=\"wp-block-themeisle-blocks-button-group wp-block-buttons\">\n<div id=\"wp-block-themeisle-blocks-button-e44ae541\" class=\"wp-block-themeisle-blocks-button wp-block-button\"><a href=\"https:\/\/ugsel-finistere.org\/index.php\/futsal-reglements\/\" target=\"_blank\" rel=\"noopener noreferrer\" class=\"wp-block-button__link\"><span>R\u00e8glements<\/span><\/a><\/div>\n\n\n\n<div id=\"wp-block-themeisle-blocks-button-18d9cccd\" class=\"wp-block-themeisle-blocks-button wp-block-button\"><a href=\"https:\/\/ugsel-finistere.org\/index.php\/sports-co-documents-utiles-generaux\/\" target=\"_blank\" rel=\"noopener noreferrer\" class=\"wp-block-button__link\"><span>Sports co : documents g\u00e9n\u00e9raux<\/span><\/a><\/div>\n\n\n\n<div id=\"wp-block-themeisle-blocks-button-62d2f102\" class=\"wp-block-themeisle-blocks-button wp-block-button\"><a href=\"https:\/\/www.ugsel-bretagne.org\/wp-content\/uploads\/2024\/10\/FDM-FUTSAL-.pdf\" target=\"_blank\" rel=\"noopener noreferrer\" class=\"wp-block-button__link\"><span>Feuilles de matches<\/span><\/a><\/div>\n<\/div>\n\n\n\n<p><\/p>\n\n\n\n<div id=\"wp-block-themeisle-blocks-button-group-2b2d6fb0\" class=\"wp-block-themeisle-blocks-button-group wp-block-buttons\">\n<div id=\"wp-block-themeisle-blocks-button-3b747dc6\" class=\"wp-block-themeisle-blocks-button wp-block-button\"><a href=\"https:\/\/ugsel-finistere.org\/index.php\/futsal-feminin\/\" target=\"_blank\" rel=\"noopener noreferrer\" class=\"wp-block-button__link\"><span>Futsal<br>f\u00e9minin<\/span><\/a><\/div>\n\n\n\n<div id=\"wp-block-themeisle-blocks-button-5fb99b3a\" class=\"wp-block-themeisle-blocks-button wp-block-button\"><a href=\"https:\/\/ugsel-finistere.org\/index.php\/futsal-benjamins\/\" target=\"_blank\" rel=\"noopener noreferrer\" class=\"wp-block-button__link\"><span>Benjamins<br>gar\u00e7ons<\/span><\/a><\/div>\n\n\n\n<div id=\"wp-block-themeisle-blocks-button-8acea485\" class=\"wp-block-themeisle-blocks-button wp-block-button\"><a href=\"https:\/\/ugsel-finistere.org\/index.php\/futsal-minimes-garcons\/\" target=\"_blank\" rel=\"noopener noreferrer\" class=\"wp-block-button__link\"><span>Minimes<br>gar\u00e7ons<\/span><\/a><\/div>\n\n\n\n<div id=\"wp-block-themeisle-blocks-button-f76b578c\" class=\"wp-block-themeisle-blocks-button wp-block-button\"><a href=\"https:\/\/ugsel-finistere.org\/index.php\/futsal-cadets-juniors-garcons\/\" target=\"_blank\" rel=\"noopener noreferrer\" class=\"wp-block-button__link\"><span>Cadets<br>Juniors<br>gar\u00e7ons<\/span><\/a><\/div>\n<\/div>\n\n\n\n<p><\/p>\n\n\n\n<div  class=\"tribe-compatibility-container\" >\n\t<div\n\t\t class=\"tribe-common tribe-events tribe-events-view tribe-events-view--widget-events-list tribe-events-widget\" \t\tdata-js=\"tribe-events-view\"\n\t\tdata-view-rest-url=\"https:\/\/ugsel-finistere.org\/index.php\/wp-json\/tribe\/views\/v2\/html\"\n\t\tdata-view-manage-url=\"1\"\n\t\t\t\t\t\t\tdata-view-breakpoint-pointer=\"39fcfe20-9dbe-4f06-8865-673c659a4137\"\n\t\t\t>\n\t\t<div class=\"tribe-events-widget-events-list\">\n\n\t\t\t<script type=\"application\/ld+json\">\r\n[{\"@context\":\"http:\/\/schema.org\",\"@type\":\"Event\",\"name\":\"Futsal : national MF &#8211; secteur Quimper\",\"description\":\"\",\"url\":\"https:\/\/ugsel-finistere.org\/index.php\/calendrier\/futsal-national-mf-a-quimper\/\",\"eventAttendanceMode\":\"https:\/\/schema.org\/OfflineEventAttendanceMode\",\"eventStatus\":\"https:\/\/schema.org\/EventScheduled\",\"startDate\":\"2026-05-20T08:00:00+02:00\",\"endDate\":\"2026-05-22T17:00:00+02:00\",\"performer\":\"Organization\"},{\"@context\":\"http:\/\/schema.org\",\"@type\":\"Event\",\"name\":\"Futsal : national promo et \\u00e9lite MG &#8211; secteur Quimper\",\"description\":\"\",\"url\":\"https:\/\/ugsel-finistere.org\/index.php\/calendrier\/futsal-national-mg-secteur-quimper\/\",\"eventAttendanceMode\":\"https:\/\/schema.org\/OfflineEventAttendanceMode\",\"eventStatus\":\"https:\/\/schema.org\/EventScheduled\",\"startDate\":\"2026-05-20T08:00:00+02:00\",\"endDate\":\"2026-05-22T17:00:00+02:00\",\"performer\":\"Organization\"}]\r\n<\/script>\n\t\t\t<script data-js=\"tribe-events-view-data\" type=\"application\/json\">\n\t{\"slug\":\"widget-events-list\",\"prev_url\":\"\",\"next_url\":\"\",\"view_class\":\"Tribe\\\\Events\\\\Views\\\\V2\\\\Views\\\\Widgets\\\\Widget_List_View\",\"view_slug\":\"widget-events-list\",\"view_label\":\"View\",\"view\":null,\"should_manage_url\":true,\"id\":null,\"alias-slugs\":null,\"title\":\"\\u00c9v\\u00e8nements depuis 2 mai \\u2013 20 mai\",\"limit\":\"30\",\"no_upcoming_events\":true,\"featured_events_only\":false,\"jsonld_enable\":true,\"tribe_is_list_widget\":false,\"admin_fields\":{\"title\":{\"label\":\"Titre\\u00a0:\",\"type\":\"text\",\"parent_classes\":\"\",\"classes\":\"\",\"dependency\":\"\",\"id\":\"widget-tribe-widget-events-list--1-title\",\"name\":\"widget-tribe-widget-events-list[-1][title]\",\"options\":[],\"placeholder\":\"\",\"value\":null},\"limit\":{\"label\":\"Afficher\\u00a0:\",\"type\":\"number\",\"default\":5,\"min\":1,\"max\":10,\"step\":1,\"parent_classes\":\"\",\"classes\":\"\",\"dependency\":\"\",\"id\":\"widget-tribe-widget-events-list--1-limit\",\"name\":\"widget-tribe-widget-events-list[-1][limit]\",\"options\":[],\"placeholder\":\"\",\"value\":null},\"metadata_section\":{\"type\":\"fieldset\",\"classes\":\"tribe-common-form-control-checkbox-checkbox-group\",\"label\":\"Affichage\",\"children\":{\"cost\":{\"type\":\"checkbox\",\"label\":\"Prix\",\"parent_classes\":\"\",\"classes\":\"\",\"dependency\":\"\",\"id\":\"widget-tribe-widget-events-list--1-cost\",\"name\":\"widget-tribe-widget-events-list[-1][cost]\",\"options\":[],\"placeholder\":\"\",\"value\":null},\"venue\":{\"type\":\"checkbox\",\"label\":\"Emplacement\",\"parent_classes\":\"\",\"classes\":\"\",\"dependency\":\"\",\"id\":\"widget-tribe-widget-events-list--1-venue\",\"name\":\"widget-tribe-widget-events-list[-1][venue]\",\"options\":[],\"placeholder\":\"\",\"value\":null},\"street\":{\"type\":\"checkbox\",\"label\":\"Rue\",\"parent_classes\":\"\",\"classes\":\"\",\"dependency\":\"\",\"id\":\"widget-tribe-widget-events-list--1-street\",\"name\":\"widget-tribe-widget-events-list[-1][street]\",\"options\":[],\"placeholder\":\"\",\"value\":null},\"city\":{\"type\":\"checkbox\",\"label\":\"Ville\",\"parent_classes\":\"\",\"classes\":\"\",\"dependency\":\"\",\"id\":\"widget-tribe-widget-events-list--1-city\",\"name\":\"widget-tribe-widget-events-list[-1][city]\",\"options\":[],\"placeholder\":\"\",\"value\":null},\"region\":{\"type\":\"checkbox\",\"label\":\"\\u00c9tat (US) ou Province (Int.)\",\"parent_classes\":\"\",\"classes\":\"\",\"dependency\":\"\",\"id\":\"widget-tribe-widget-events-list--1-region\",\"name\":\"widget-tribe-widget-events-list[-1][region]\",\"options\":[],\"placeholder\":\"\",\"value\":null},\"zip\":{\"type\":\"checkbox\",\"label\":\"Code Postal\",\"parent_classes\":\"\",\"classes\":\"\",\"dependency\":\"\",\"id\":\"widget-tribe-widget-events-list--1-zip\",\"name\":\"widget-tribe-widget-events-list[-1][zip]\",\"options\":[],\"placeholder\":\"\",\"value\":null},\"country\":{\"type\":\"checkbox\",\"label\":\"Pays\",\"parent_classes\":\"\",\"classes\":\"\",\"dependency\":\"\",\"id\":\"widget-tribe-widget-events-list--1-country\",\"name\":\"widget-tribe-widget-events-list[-1][country]\",\"options\":[],\"placeholder\":\"\",\"value\":null},\"phone\":{\"type\":\"checkbox\",\"label\":\"Num. de tel.\",\"parent_classes\":\"\",\"classes\":\"\",\"dependency\":\"\",\"id\":\"widget-tribe-widget-events-list--1-phone\",\"name\":\"widget-tribe-widget-events-list[-1][phone]\",\"options\":[],\"placeholder\":\"\",\"value\":null},\"organizer\":{\"type\":\"checkbox\",\"label\":\"Organisateur\",\"parent_classes\":\"\",\"classes\":\"\",\"dependency\":\"\",\"id\":\"widget-tribe-widget-events-list--1-organizer\",\"name\":\"widget-tribe-widget-events-list[-1][organizer]\",\"options\":[],\"placeholder\":\"\",\"value\":null},\"website\":{\"type\":\"checkbox\",\"label\":\"Site internet\",\"parent_classes\":\"\",\"classes\":\"\",\"dependency\":\"\",\"id\":\"widget-tribe-widget-events-list--1-website\",\"name\":\"widget-tribe-widget-events-list[-1][website]\",\"options\":[],\"placeholder\":\"\",\"value\":null}},\"parent_classes\":\"\",\"dependency\":\"\",\"id\":\"widget-tribe-widget-events-list--1-metadata_section\",\"name\":\"widget-tribe-widget-events-list[-1][metadata_section]\",\"options\":[],\"placeholder\":\"\",\"value\":null},\"taxonomy_section\":{\"type\":\"section\",\"classes\":[\"calendar-widget-filters-container\"],\"label\":\"Filtres:\",\"children\":{\"filters\":{\"type\":\"taxonomy-filters\",\"parent_classes\":\"\",\"classes\":\"\",\"dependency\":\"\",\"id\":\"widget-tribe-widget-events-list--1-filters\",\"label\":\"\",\"name\":\"widget-tribe-widget-events-list[-1][filters]\",\"options\":[],\"placeholder\":\"\",\"value\":null,\"list_items\":[]},\"operand\":{\"type\":\"fieldset\",\"classes\":\"tribe-common-form-control-checkbox-radio-group\",\"label\":\"Op\\u00e9rande:\",\"selected\":\"OR\",\"children\":[{\"type\":\"radio\",\"label\":\"Match any\",\"button_value\":\"OR\",\"parent_classes\":\"\",\"classes\":\"\",\"dependency\":\"\",\"id\":\"widget-tribe-widget-events-list--1-operand\",\"name\":\"widget-tribe-widget-events-list[-1][operand]\",\"options\":[],\"placeholder\":\"\",\"value\":null},{\"type\":\"radio\",\"label\":\"Match all\",\"button_value\":\"AND\",\"parent_classes\":\"\",\"classes\":\"\",\"dependency\":\"\",\"id\":\"widget-tribe-widget-events-list--1-operand\",\"name\":\"widget-tribe-widget-events-list[-1][operand]\",\"options\":[],\"placeholder\":\"\",\"value\":null}],\"parent_classes\":\"\",\"dependency\":\"\",\"id\":\"widget-tribe-widget-events-list--1-operand\",\"name\":\"widget-tribe-widget-events-list[-1][operand]\",\"options\":[],\"placeholder\":\"\",\"value\":null}},\"parent_classes\":\"\",\"dependency\":\"\",\"id\":\"widget-tribe-widget-events-list--1-taxonomy_section\",\"name\":\"widget-tribe-widget-events-list[-1][taxonomy_section]\",\"options\":[],\"placeholder\":\"\",\"value\":null},\"taxonomy\":{\"type\":\"taxonomy\",\"classes\":\"calendar-widget-add-filter\",\"label\":\"Ajouter un filtre:\",\"placeholder\":\"Choisir une Classification\",\"parent_classes\":\"\",\"dependency\":\"\",\"id\":\"widget-tribe-widget-events-list--1-taxonomy\",\"name\":\"widget-tribe-widget-events-list[-1][taxonomy]\",\"options\":[],\"value\":null},\"no_upcoming_events\":{\"label\":\"Cacher ce widget s\\u2019il n\\u2019y a pas d\\u2019\\u00e9v\\u00e8nements \\u00e0 venir.\",\"type\":\"checkbox\",\"parent_classes\":\"\",\"classes\":\"\",\"dependency\":\"\",\"id\":\"widget-tribe-widget-events-list--1-no_upcoming_events\",\"name\":\"widget-tribe-widget-events-list[-1][no_upcoming_events]\",\"options\":[],\"placeholder\":\"\",\"value\":null},\"featured_events_only\":{\"label\":\"Limiter uniquement pour les \\u00e9v\\u00e8nements mis en avant\",\"type\":\"checkbox\",\"parent_classes\":\"\",\"classes\":\"\",\"dependency\":\"\",\"id\":\"widget-tribe-widget-events-list--1-featured_events_only\",\"name\":\"widget-tribe-widget-events-list[-1][featured_events_only]\",\"options\":[],\"placeholder\":\"\",\"value\":null},\"jsonld_enable\":{\"label\":\"G\\u00e9n\\u00e9rer les donn\\u00e9es JSON-LD\",\"type\":\"checkbox\",\"parent_classes\":\"\",\"classes\":\"\",\"dependency\":\"\",\"id\":\"widget-tribe-widget-events-list--1-jsonld_enable\",\"name\":\"widget-tribe-widget-events-list[-1][jsonld_enable]\",\"options\":[],\"placeholder\":\"\",\"value\":null}},\"venue\":false,\"country\":false,\"street\":false,\"city\":false,\"region\":false,\"zip\":false,\"phone\":false,\"cost\":false,\"organizer\":false,\"website\":false,\"operand\":\"OR\",\"filters\":\"{\\\"tribe_events_cat\\\":[\\\"19\\\"]}\",\"events\":[10000213,10000214],\"url\":\"https:\\\/\\\/ugsel-finistere.org\\\/?post_type=tribe_events&eventDisplay=widget-events-list\",\"url_event_date\":false,\"bar\":{\"keyword\":\"\",\"date\":\"\"},\"today\":\"2026-05-02 00:00:00\",\"now\":\"2026-05-02 12:36:51\",\"home_url\":\"https:\\\/\\\/ugsel-finistere.org\",\"rest_url\":\"https:\\\/\\\/ugsel-finistere.org\\\/index.php\\\/wp-json\\\/tribe\\\/views\\\/v2\\\/html\",\"rest_method\":\"GET\",\"rest_nonce\":\"\",\"today_url\":\"https:\\\/\\\/ugsel-finistere.org\\\/?post_type=tribe_events&eventDisplay=widget-events-list&rest_route=%2Fwp%2Fv2%2Fpages%2F742\",\"today_title\":\"Cliquer pour s\\u00e9lectionner la date du jour\",\"today_label\":\"Aujourd\\u2019hui\",\"prev_label\":\"\",\"next_label\":\"\",\"date_formats\":{\"compact\":\"d\\\/m\\\/Y\",\"month_and_year_compact\":\"m\\\/Y\",\"month_and_year\":\"F Y\",\"time_range_separator\":\" - \",\"date_time_separator\":\"-\"},\"messages\":[],\"start_of_week\":\"1\",\"header_title\":\"\",\"header_title_element\":\"h1\",\"content_title\":\"\",\"show_content_title\":false,\"breadcrumbs\":[],\"backlink\":false,\"before_events\":\"\",\"after_events\":\"\\n<!--\\nThis calendar is powered by The Events Calendar.\\nhttp:\\\/\\\/evnt.is\\\/18wn\\n-->\\n\",\"display_events_bar\":false,\"disable_event_search\":false,\"live_refresh\":true,\"ical\":{\"display_link\":true,\"link\":{\"url\":\"https:\\\/\\\/ugsel-finistere.org\\\/?post_type=tribe_events&#038;eventDisplay=widget-events-list&#038;ical=1\",\"text\":\"Exporter \\u00c9v\\u00e8nements\",\"title\":\"Utilisez ceci pour partager les donn\\u00e9es de calendrier avec Google Calendar, Apple iCal et d\\u2019autres applications compatibles\"}},\"container_classes\":[\"tribe-common\",\"tribe-events\",\"tribe-events-view\",\"tribe-events-view--widget-events-list\",\"tribe-events-widget\"],\"container_data\":[],\"is_past\":false,\"breakpoints\":{\"xsmall\":500,\"medium\":768,\"full\":960},\"breakpoint_pointer\":\"39fcfe20-9dbe-4f06-8865-673c659a4137\",\"is_initial_load\":false,\"public_views\":{\"list\":{\"view_class\":\"Tribe\\\\Events\\\\Views\\\\V2\\\\Views\\\\List_View\",\"view_url\":\"https:\\\/\\\/ugsel-finistere.org\\\/calendrier\\\/liste\\\/\",\"view_label\":\"Liste\",\"aria_label\":\"Display \\u00c9v\\u00e8nements in Liste View\"},\"month\":{\"view_class\":\"Tribe\\\\Events\\\\Views\\\\V2\\\\Views\\\\Month_View\",\"view_url\":\"https:\\\/\\\/ugsel-finistere.org\\\/calendrier\\\/mois\\\/\",\"view_label\":\"Mois\",\"aria_label\":\"Display \\u00c9v\\u00e8nements in Mois View\"},\"day\":{\"view_class\":\"Tribe\\\\Events\\\\Views\\\\V2\\\\Views\\\\Day_View\",\"view_url\":\"https:\\\/\\\/ugsel-finistere.org\\\/calendrier\\\/aujourdhui\\\/\",\"view_label\":\"Jour\",\"aria_label\":\"Display \\u00c9v\\u00e8nements in Jour View\"}},\"show_latest_past\":false,\"past\":false,\"compatibility_classes\":[\"tribe-compatibility-container\"],\"view_more_text\":\"Voir le calendrier\",\"view_more_title\":\"Voir plus d\\u2019\\u00e9v\\u00e8nements.\",\"view_more_link\":\"https:\\\/\\\/ugsel-finistere.org\\\/calendrier\\\/\",\"widget_title\":\"Calendrier toutes cat\\u00e9gories\",\"hide_if_no_upcoming_events\":true,\"display\":{\"cost\":false,\"venue\":false,\"street\":false,\"city\":false,\"region\":false,\"zip\":false,\"country\":false,\"phone\":false,\"organizer\":false,\"website\":false},\"subscribe_links\":{\"gcal\":{\"label\":\"Google Agenda\",\"single_label\":\"Ajouter \\u00e0 Google Agenda\",\"visible\":true,\"block_slug\":\"hasGoogleCalendar\"},\"ical\":{\"label\":\"iCalendar\",\"single_label\":\"Ajouter \\u00e0 iCalendar\",\"visible\":true,\"block_slug\":\"hasiCal\"},\"outlook-365\":{\"label\":\"Outlook 365\",\"single_label\":\"Outlook 365\",\"visible\":true,\"block_slug\":\"hasOutlook365\"},\"outlook-live\":{\"label\":\"Outlook Live\",\"single_label\":\"Outlook Live\",\"visible\":true,\"block_slug\":\"hasOutlookLive\"},\"ics\":{\"label\":\"Exporter le fichier .ics\",\"single_label\":\"Exporter le fichier .ics\",\"visible\":true,\"block_slug\":null},\"outlook-ics\":{\"label\":\"Exporter le fichier Outlook .ics\",\"single_label\":\"Exporter le fichier Outlook .ics\",\"visible\":true,\"block_slug\":null}},\"display_recurring_toggle\":false,\"_context\":{\"slug\":\"widget-events-list\"}}<\/script>\n\n\t\t\t\t\t\t\t<header class=\"tribe-events-widget-events-list__header\">\n\t\t\t\t\t<h2 class=\"tribe-events-widget-events-list__header-title tribe-common-h6 tribe-common-h--alt\">\n\t\t\t\t\t\tCalendrier toutes cat\u00e9gories\t\t\t\t\t<\/h2>\n\t\t\t\t<\/header>\n\t\t\t\n\t\t\t\n\t\t\t\t<div class=\"tribe-events-widget-events-list__events\">\n\t\t\t\t\t\t\t\t\t\t\t<div  class=\"tribe-common-g-row tribe-events-widget-events-list__event-row\" >\n\n\t<div class=\"tribe-events-widget-events-list__event-date-tag tribe-common-g-col\">\n\t<time class=\"tribe-events-widget-events-list__event-date-tag-datetime\" datetime=\"2026-05-20\">\n\t\t<span class=\"tribe-events-widget-events-list__event-date-tag-month\">\n\t\t\tMai\t\t<\/span>\n\t\t<span class=\"tribe-events-widget-events-list__event-date-tag-daynum tribe-common-h2 tribe-common-h4--min-medium\">\n\t\t\t20\t\t<\/span>\n\t<\/time>\n<\/div>\n\n\t<div class=\"tribe-events-widget-events-list__event-wrapper tribe-common-g-col\">\n\t\t<article  class=\"tribe-events-widget-events-list__event post-10000213 tribe_events type-tribe_events status-publish hentry tribe_events_cat-futsal tribe_events_cat-futsal-feminin\" >\n\t\t\t<div class=\"tribe-events-widget-events-list__event-details\">\n\n\t\t\t\t<header class=\"tribe-events-widget-events-list__event-header\">\n\t\t\t\t\t<div class=\"tribe-events-widget-events-list__event-datetime-wrapper tribe-common-b2 tribe-common-b3--min-medium\">\n\t\t<time class=\"tribe-events-widget-events-list__event-datetime\" datetime=\"2026-05-20\">\n\t\t<span class=\"tribe-event-date-start\">20 mai-8h00<\/span> &#8211; <span class=\"tribe-event-date-end\">22 mai-17h00<\/span>\t<\/time>\n\t<\/div>\n\t\t\t\t\t<h3 class=\"tribe-events-widget-events-list__event-title tribe-common-h7\">\n\t<a\n\t\thref=\"https:\/\/ugsel-finistere.org\/index.php\/calendrier\/futsal-national-mf-a-quimper\/\"\n\t\ttitle=\"Futsal : national MF &#8211; secteur Quimper\"\n\t\trel=\"bookmark\"\n\t\tclass=\"tribe-events-widget-events-list__event-title-link tribe-common-anchor-thin\"\n\t>\n\t\tFutsal : national MF &#8211; secteur Quimper\t<\/a>\n<\/h3>\n\t\t\t\t<\/header>\n\n\t\t\t\t\n\t\t\t<\/div>\n\t\t<\/article>\n\t<\/div>\n\n<\/div>\n\t\t\t\t\t\t\t\t\t\t\t<div  class=\"tribe-common-g-row tribe-events-widget-events-list__event-row\" >\n\n\t<div class=\"tribe-events-widget-events-list__event-date-tag tribe-common-g-col\">\n\t<time class=\"tribe-events-widget-events-list__event-date-tag-datetime\" datetime=\"2026-05-20\">\n\t\t<span class=\"tribe-events-widget-events-list__event-date-tag-month\">\n\t\t\tMai\t\t<\/span>\n\t\t<span class=\"tribe-events-widget-events-list__event-date-tag-daynum tribe-common-h2 tribe-common-h4--min-medium\">\n\t\t\t20\t\t<\/span>\n\t<\/time>\n<\/div>\n\n\t<div class=\"tribe-events-widget-events-list__event-wrapper tribe-common-g-col\">\n\t\t<article  class=\"tribe-events-widget-events-list__event post-10000214 tribe_events type-tribe_events status-publish hentry tribe_events_cat-futsal tribe_events_cat-futsal-mg\" >\n\t\t\t<div class=\"tribe-events-widget-events-list__event-details\">\n\n\t\t\t\t<header class=\"tribe-events-widget-events-list__event-header\">\n\t\t\t\t\t<div class=\"tribe-events-widget-events-list__event-datetime-wrapper tribe-common-b2 tribe-common-b3--min-medium\">\n\t\t<time class=\"tribe-events-widget-events-list__event-datetime\" datetime=\"2026-05-20\">\n\t\t<span class=\"tribe-event-date-start\">20 mai-8h00<\/span> &#8211; <span class=\"tribe-event-date-end\">22 mai-17h00<\/span>\t<\/time>\n\t<\/div>\n\t\t\t\t\t<h3 class=\"tribe-events-widget-events-list__event-title tribe-common-h7\">\n\t<a\n\t\thref=\"https:\/\/ugsel-finistere.org\/index.php\/calendrier\/futsal-national-mg-secteur-quimper\/\"\n\t\ttitle=\"Futsal : national promo et \u00e9lite MG &#8211; secteur Quimper\"\n\t\trel=\"bookmark\"\n\t\tclass=\"tribe-events-widget-events-list__event-title-link tribe-common-anchor-thin\"\n\t>\n\t\tFutsal : national promo et \u00e9lite MG &#8211; secteur Quimper\t<\/a>\n<\/h3>\n\t\t\t\t<\/header>\n\n\t\t\t\t\n\t\t\t<\/div>\n\t\t<\/article>\n\t<\/div>\n\n<\/div>\n\t\t\t\t\t\t\t\t\t<\/div>\n\n\t\t\t\t<div class=\"tribe-events-widget-events-list__view-more tribe-common-b1 tribe-common-b2--min-medium\">\n\t<a\n\t\thref=\"https:\/\/ugsel-finistere.org\/calendrier\/\"\n\t\tclass=\"tribe-events-widget-events-list__view-more-link tribe-common-anchor-thin\"\n\t\ttitle=\"Voir plus d\u2019\u00e9v\u00e8nements.\"\n\t>\n\t\tVoir le calendrier\t<\/a>\n<\/div>\n\n\t\t\t\t\t<\/div>\n\t<\/div>\n<\/div>\n<script data-js='tribe-events-view-nonce-data' type='application\/json'>{\"tvn1\":\"ffe212aef8\",\"tvn2\":\"\"}<\/script>\n\n\n\n<h4 class=\"wp-block-heading has-custom-2-color has-text-color has-link-color wp-elements-4c271d7f783b2ef12f75b978dbe71074\">Ev\u00e8nements pass\u00e9s :<\/h4>\n\n\n<ul class=\"ecs-event-list\"><li class=\"ecs-event futsal_ecs_category futsal-cj_ecs_category\"><h4 class=\"entry-title summary\"><a href=\"https:\/\/ugsel-finistere.org\/index.php\/calendrier\/futsal-cadets-juniors-departemental\/\" rel=\"bookmark\">Futsal juniors gar\u00e7ons : d\u00e9partemental \u00e0 St St Pol de L\u00e9on<\/a><\/h4><span class=\"duration time\"><span class=\"tribe-event-date-start\">12 novembre 2025-11h00<\/span><span class=\"tribe-event-time\"><\/span><\/span><\/li><li class=\"ecs-event futsal_ecs_category futsal-bg_ecs_category\"><h4 class=\"entry-title summary\"><a href=\"https:\/\/ugsel-finistere.org\/index.php\/calendrier\/futsal-benjamins-district-1-nord\/\" rel=\"bookmark\">Futsal benjamins : district 1 Nord<\/a><\/h4><span class=\"duration time\"><span class=\"tribe-event-date-start\">12 novembre 2025-12h00<\/span><span class=\"tribe-event-time\"><\/span><\/span><\/li><li class=\"ecs-event futsal_ecs_category futsal-bg_ecs_category\"><h4 class=\"entry-title summary\"><a href=\"https:\/\/ugsel-finistere.org\/index.php\/calendrier\/futsal-benjamins-district-1-sud\/\" rel=\"bookmark\">Futsal benjamins : district 1 Sud<\/a><\/h4><span class=\"duration time\"><span class=\"tribe-event-date-start\">12 novembre 2025-12h30<\/span><span class=\"tribe-event-time\"><\/span><\/span><\/li><li class=\"ecs-event futsal_ecs_category futsal-cj_ecs_category\"><h4 class=\"entry-title summary\"><a href=\"https:\/\/ugsel-finistere.org\/index.php\/calendrier\/futsal-cadets-departemental-promo\/\" rel=\"bookmark\">Futsal cadets : d\u00e9partemental promo \u00e0 Morlaix<\/a><\/h4><span class=\"duration time\"><span class=\"tribe-event-date-start\">26 novembre 2025-10h00<\/span><span class=\"tribe-event-time\"><\/span><\/span><\/li><li class=\"ecs-event futsal_ecs_category futsal-mg_ecs_category\"><h4 class=\"entry-title summary\"><a href=\"https:\/\/ugsel-finistere.org\/index.php\/calendrier\/futsal-minimes-garcons-district-1-nord\/\" rel=\"bookmark\">Futsal minimes gar\u00e7ons : district 1 Nord promo \u00e0 Guipavas et Plougastel-Daoulas<\/a><\/h4><span class=\"duration time\"><span class=\"tribe-event-date-start\">26 novembre 2025-12h00<\/span><span class=\"tribe-event-time\"><\/span><\/span><\/li><li class=\"ecs-event futsal_ecs_category futsal-mg_ecs_category\"><h4 class=\"entry-title summary\"><a href=\"https:\/\/ugsel-finistere.org\/index.php\/calendrier\/futsal-minimes-garcons-district-1-nord-elite\/\" rel=\"bookmark\">Futsal minimes gar\u00e7ons : district Nord \u00e9lite \u00e0 Lesneven<\/a><\/h4><span class=\"duration time\"><span class=\"tribe-event-date-start\">26 novembre 2025-12h00<\/span><span class=\"tribe-event-time\"><\/span><\/span><\/li><li class=\"ecs-event futsal_ecs_category futsal-mg_ecs_category\"><h4 class=\"entry-title summary\"><a href=\"https:\/\/ugsel-finistere.org\/index.php\/calendrier\/futsal-minimes-garcons-district-1-sud\/\" rel=\"bookmark\">Futsal minimes gar\u00e7ons : district 1 Sud promo \u00e0 Pleyben, Pouldreuzic et Quimper<\/a><\/h4><span class=\"duration time\"><span class=\"tribe-event-date-start\">26 novembre 2025-12h30<\/span><span class=\"tribe-event-time\"><\/span><\/span><\/li><li class=\"ecs-event futsal_ecs_category futsal-mg_ecs_category\"><h4 class=\"entry-title summary\"><a href=\"https:\/\/ugsel-finistere.org\/index.php\/calendrier\/futsal-minimes-garcons-district-1-sud-elite-a-chateaulin\/\" rel=\"bookmark\">Futsal minimes gar\u00e7ons : district Sud \u00e9lite \u00e0 Ch\u00e2teaulin<\/a><\/h4><span class=\"duration time\"><span class=\"tribe-event-date-start\">26 novembre 2025-13h00<\/span><span class=\"tribe-event-time\"><\/span><\/span><\/li><li class=\"ecs-event futsal_ecs_category futsal-cj_ecs_category\"><h4 class=\"entry-title summary\"><a href=\"https:\/\/ugsel-finistere.org\/index.php\/calendrier\/futsal-cadets-departemental-elite\/\" rel=\"bookmark\">Futsal cadets : d\u00e9partemental \u00e9lite \u00e0 Lesneven<\/a><\/h4><span class=\"duration time\"><span class=\"tribe-event-date-start\">26 novembre 2025-13h30<\/span><span class=\"tribe-event-time\"><\/span><\/span><\/li><li class=\"ecs-event futsal_ecs_category futsal-bg_ecs_category\"><h4 class=\"entry-title summary\"><a href=\"https:\/\/ugsel-finistere.org\/index.php\/calendrier\/futsal-benjamins-district-2-nord\/\" rel=\"bookmark\">Futsal benjamins : district 2 Nord \u00e0 Guipavas<\/a><\/h4><span class=\"duration time\"><span class=\"tribe-event-date-start\">17 d\u00e9cembre 2025-11h45<\/span><span class=\"tribe-event-time\"><\/span><\/span><\/li><li class=\"ecs-event futsal_ecs_category futsal-bg_ecs_category\"><h4 class=\"entry-title summary\"><a href=\"https:\/\/ugsel-finistere.org\/index.php\/calendrier\/futsal-benjamins-district-2-sud\/\" rel=\"bookmark\">Futsal benjamins : district 2 Sud \u00e0 Quimper<\/a><\/h4><span class=\"duration time\"><span class=\"tribe-event-date-start\">17 d\u00e9cembre 2025-12h30<\/span><span class=\"tribe-event-time\"><\/span><\/span><\/li><li class=\"ecs-event futsal_ecs_category futsal-feminin_ecs_category\"><h4 class=\"entry-title summary\"><a href=\"https:\/\/ugsel-finistere.org\/index.php\/calendrier\/futsal-benjamines-et-minimes-filles-departemental\/\" rel=\"bookmark\">Futsal f\u00e9minin : d\u00e9partemental BF et MF \u00e0 Pouldreuzic<\/a><\/h4><span class=\"duration time\"><span class=\"tribe-event-date-start\">14 janvier-10h00<\/span><span class=\"tribe-event-time\"><\/span><\/span><\/li><li class=\"ecs-event futsal_ecs_category futsal-mg_ecs_category\"><h4 class=\"entry-title summary\"><a href=\"https:\/\/ugsel-finistere.org\/index.php\/calendrier\/futsal-minimes-garcons-district-2-nord-promo\/\" rel=\"bookmark\">Futsal minimes gar\u00e7ons : district 2 Nord promo \u00e0 Guipavas<\/a><\/h4><span class=\"duration time\"><span class=\"tribe-event-date-start\">21 janvier-11h45<\/span><span class=\"tribe-event-time\"><\/span><\/span><\/li><li class=\"ecs-event futsal_ecs_category futsal-mg_ecs_category\"><h4 class=\"entry-title summary\"><a href=\"https:\/\/ugsel-finistere.org\/index.php\/calendrier\/futsal-minimes-garcons-district-2-sud\/\" rel=\"bookmark\">Futsal minimes gar\u00e7ons : district 2 Sud promo \u00e0 Quimper<\/a><\/h4><span class=\"duration time\"><span class=\"tribe-event-date-start\">21 janvier-12h30<\/span><span class=\"tribe-event-time\"><\/span><\/span><\/li><li class=\"ecs-event futsal_ecs_category futsal-cj_ecs_category\"><h4 class=\"entry-title summary\"><a href=\"https:\/\/ugsel-finistere.org\/index.php\/calendrier\/futsal-regional-jg-a-dol-de-bretagne-35\/\" rel=\"bookmark\">Futsal : r\u00e9gional JG \u00e0 Dol de Bretagne (35)<\/a><\/h4><span class=\"duration time\"><span class=\"tribe-event-date-start\">4 f\u00e9vrier-8h00<\/span><span class=\"tribe-event-time\"><\/span><\/span><\/li><li class=\"ecs-event futsal_ecs_category futsal-bg_ecs_category\"><h4 class=\"entry-title summary\"><a href=\"https:\/\/ugsel-finistere.org\/index.php\/calendrier\/futsal-benjamins-departemental\/\" rel=\"bookmark\">Futsal : d\u00e9partemental BG \u00e0 Quimper<\/a><\/h4><span class=\"duration time\"><span class=\"tribe-event-date-start\">4 f\u00e9vrier-12h00<\/span><span class=\"tribe-event-time\"><\/span><\/span><\/li><li class=\"ecs-event futsal_ecs_category futsal-mg_ecs_category\"><h4 class=\"entry-title summary\"><a href=\"https:\/\/ugsel-finistere.org\/index.php\/calendrier\/futsal-minimes-garcons-departemental-promo\/\" rel=\"bookmark\">Futsal : d\u00e9partemental promo MG \u00e0 Pouldreuzic<\/a><\/h4><span class=\"duration time\"><span class=\"tribe-event-date-start\">11 f\u00e9vrier-10h30<\/span><span class=\"tribe-event-time\"><\/span><\/span><\/li><li class=\"ecs-event futsal_ecs_category futsal-mg_ecs_category\"><h4 class=\"entry-title summary\"><a href=\"https:\/\/ugsel-finistere.org\/index.php\/calendrier\/futsal-minimes-garcons-departemental-elite\/\" rel=\"bookmark\">Futsal : d\u00e9partemental \u00e9lite MG \u00e0 Lesneven<\/a><\/h4><span class=\"duration time\"><span class=\"tribe-event-date-start\">11 f\u00e9vrier-12h00<\/span><span class=\"tribe-event-time\"><\/span><\/span><\/li><li class=\"ecs-event futsal_ecs_category futsal-feminin_ecs_category\"><h4 class=\"entry-title summary\"><a href=\"https:\/\/ugsel-finistere.org\/index.php\/calendrier\/futsal-regional-mf-a-ploermel-56\/\" rel=\"bookmark\">Futsal : r\u00e9gional MF \u00e0 Plo\u00ebrmel (56)<\/a><\/h4><span class=\"duration time\"><span class=\"tribe-event-date-start\">11 mars-8h00<\/span><span class=\"tribe-event-time\"><\/span><\/span><\/li><li class=\"ecs-event futsal_ecs_category futsal-mg_ecs_category\"><h4 class=\"entry-title summary\"><a href=\"https:\/\/ugsel-finistere.org\/index.php\/calendrier\/futsal-regional-promo-mg\/\" rel=\"bookmark\">Futsal : r\u00e9gional promo MG et \u00e9lite MG<\/a><\/h4><span class=\"duration time\"><span class=\"tribe-event-date-start\">18 mars-8h00<\/span><span class=\"tribe-event-time\"><\/span><\/span><\/li><li class=\"ecs-event futsal_ecs_category futsal-cj_ecs_category futsal-feminin_ecs_category\"><h4 class=\"entry-title summary\"><a href=\"https:\/\/ugsel-finistere.org\/index.php\/calendrier\/futsal-national-jg-a-laval-53\/\" rel=\"bookmark\">Futsal : national JG et CJF \u00e0 Laval (53)<\/a><\/h4><span class=\"duration time\"><span class=\"tribe-event-date-start\">25 mars-8h00<\/span> &#8211; <span class=\"tribe-event-date-end\">27 mars-17h00<\/span><\/span><\/li><li class=\"ecs-event futsal_ecs_category futsal-cj_ecs_category\"><h4 class=\"entry-title summary\"><a href=\"https:\/\/ugsel-finistere.org\/index.php\/calendrier\/futsal-national-promo-cg-a-ploemeur-56\/\" rel=\"bookmark\">Futsal : national promo CG \u00e0 Ploemeur (56)<\/a><\/h4><span class=\"duration time\"><span class=\"tribe-event-date-start\">1 avril-8h00<\/span> &#8211; <span class=\"tribe-event-date-end\">3 avril-17h00<\/span><\/span><\/li><li class=\"ecs-event futsal_ecs_category futsal-cj_ecs_category\"><h4 class=\"entry-title summary\"><a href=\"https:\/\/ugsel-finistere.org\/index.php\/calendrier\/futsal-national-elite-cg-a-saint-sebastien-sur-loire-44\/\" rel=\"bookmark\">Futsal : national \u00e9lite CG \u00e0 Saint-S\u00e9bastien sur Loire (44)<\/a><\/h4><span class=\"duration time\"><span class=\"tribe-event-date-start\">1 avril-8h00<\/span> &#8211; <span class=\"tribe-event-date-end\">3 avril-17h00<\/span><\/span><\/li><li class=\"ecs-event futsal_ecs_category futsal-bg_ecs_category futsal-feminin_ecs_category\"><h4 class=\"entry-title summary\"><a href=\"https:\/\/ugsel-finistere.org\/index.php\/calendrier\/futsal-regional-bf-et-bg\/\" rel=\"bookmark\">Futsal : r\u00e9gional BF et BG \u00e0 Guingamp<\/a><\/h4><span class=\"duration time\"><span class=\"tribe-event-date-start\">8 avril-8h00<\/span><span class=\"tribe-event-time\"><\/span><\/span><\/li><\/ul><script type=\"application\/ld+json\">\r\n[{\"@context\":\"http:\/\/schema.org\",\"@type\":\"Event\",\"name\":\"Futsal juniors gar\\u00e7ons : d\\u00e9partemental \\u00e0 St St Pol de L\\u00e9on\",\"description\":\"\",\"url\":\"https:\/\/ugsel-finistere.org\/index.php\/calendrier\/futsal-cadets-juniors-departemental\/\",\"eventAttendanceMode\":\"https:\/\/schema.org\/OfflineEventAttendanceMode\",\"eventStatus\":\"https:\/\/schema.org\/EventScheduled\",\"startDate\":\"2025-11-12T11:00:00+01:00\",\"endDate\":\"2025-11-12T17:00:00+01:00\",\"performer\":\"Organization\"},{\"@context\":\"http:\/\/schema.org\",\"@type\":\"Event\",\"name\":\"Futsal benjamins : district 1 Nord\",\"description\":\"&lt;p&gt;Le district 1 Nord aura lieu \\u00e0 Lesneven, Brest - Charles de Foucauld et Brest - St Vincent&lt;\/p&gt;\\\\n\",\"url\":\"https:\/\/ugsel-finistere.org\/index.php\/calendrier\/futsal-benjamins-district-1-nord\/\",\"eventAttendanceMode\":\"https:\/\/schema.org\/OfflineEventAttendanceMode\",\"eventStatus\":\"https:\/\/schema.org\/EventScheduled\",\"startDate\":\"2025-11-12T12:00:00+01:00\",\"endDate\":\"2025-11-12T16:30:00+01:00\",\"performer\":\"Organization\"},{\"@context\":\"http:\/\/schema.org\",\"@type\":\"Event\",\"name\":\"Futsal benjamins : district 1 Sud\",\"description\":\"&lt;p&gt;Le district 1 Sud aura lieu \\u00e0 Carhaix, Quimper (2 centres) et Douarnenez&lt;\/p&gt;\\\\n\",\"url\":\"https:\/\/ugsel-finistere.org\/index.php\/calendrier\/futsal-benjamins-district-1-sud\/\",\"eventAttendanceMode\":\"https:\/\/schema.org\/OfflineEventAttendanceMode\",\"eventStatus\":\"https:\/\/schema.org\/EventScheduled\",\"startDate\":\"2025-11-12T12:30:00+01:00\",\"endDate\":\"2025-11-12T16:00:00+01:00\",\"performer\":\"Organization\"},{\"@context\":\"http:\/\/schema.org\",\"@type\":\"Event\",\"name\":\"Futsal cadets : d\\u00e9partemental promo \\u00e0 Morlaix\",\"description\":\"\",\"url\":\"https:\/\/ugsel-finistere.org\/index.php\/calendrier\/futsal-cadets-departemental-promo\/\",\"eventAttendanceMode\":\"https:\/\/schema.org\/OfflineEventAttendanceMode\",\"eventStatus\":\"https:\/\/schema.org\/EventScheduled\",\"startDate\":\"2025-11-26T10:00:00+01:00\",\"endDate\":\"2025-11-26T17:00:00+01:00\",\"performer\":\"Organization\"},{\"@context\":\"http:\/\/schema.org\",\"@type\":\"Event\",\"name\":\"Futsal minimes gar\\u00e7ons : district 1 Nord promo \\u00e0 Guipavas et Plougastel-Daoulas\",\"description\":\"\",\"url\":\"https:\/\/ugsel-finistere.org\/index.php\/calendrier\/futsal-minimes-garcons-district-1-nord\/\",\"eventAttendanceMode\":\"https:\/\/schema.org\/OfflineEventAttendanceMode\",\"eventStatus\":\"https:\/\/schema.org\/EventScheduled\",\"startDate\":\"2025-11-26T12:00:00+01:00\",\"endDate\":\"2025-11-26T16:00:00+01:00\",\"performer\":\"Organization\"},{\"@context\":\"http:\/\/schema.org\",\"@type\":\"Event\",\"name\":\"Futsal minimes gar\\u00e7ons : district Nord \\u00e9lite \\u00e0 Lesneven\",\"description\":\"\",\"url\":\"https:\/\/ugsel-finistere.org\/index.php\/calendrier\/futsal-minimes-garcons-district-1-nord-elite\/\",\"eventAttendanceMode\":\"https:\/\/schema.org\/OfflineEventAttendanceMode\",\"eventStatus\":\"https:\/\/schema.org\/EventScheduled\",\"startDate\":\"2025-11-26T12:00:00+01:00\",\"endDate\":\"2025-11-26T16:00:00+01:00\",\"performer\":\"Organization\"},{\"@context\":\"http:\/\/schema.org\",\"@type\":\"Event\",\"name\":\"Futsal minimes gar\\u00e7ons : district 1 Sud promo \\u00e0 Pleyben, Pouldreuzic et Quimper\",\"description\":\"\",\"url\":\"https:\/\/ugsel-finistere.org\/index.php\/calendrier\/futsal-minimes-garcons-district-1-sud\/\",\"eventAttendanceMode\":\"https:\/\/schema.org\/OfflineEventAttendanceMode\",\"eventStatus\":\"https:\/\/schema.org\/EventScheduled\",\"startDate\":\"2025-11-26T12:30:00+01:00\",\"endDate\":\"2025-11-26T15:30:00+01:00\",\"performer\":\"Organization\"},{\"@context\":\"http:\/\/schema.org\",\"@type\":\"Event\",\"name\":\"Futsal minimes gar\\u00e7ons : district Sud \\u00e9lite \\u00e0 Ch\\u00e2teaulin\",\"description\":\"\",\"url\":\"https:\/\/ugsel-finistere.org\/index.php\/calendrier\/futsal-minimes-garcons-district-1-sud-elite-a-chateaulin\/\",\"eventAttendanceMode\":\"https:\/\/schema.org\/OfflineEventAttendanceMode\",\"eventStatus\":\"https:\/\/schema.org\/EventScheduled\",\"startDate\":\"2025-11-26T13:00:00+01:00\",\"endDate\":\"2025-11-26T16:30:00+01:00\",\"performer\":\"Organization\"},{\"@context\":\"http:\/\/schema.org\",\"@type\":\"Event\",\"name\":\"Futsal cadets : d\\u00e9partemental \\u00e9lite \\u00e0 Lesneven\",\"description\":\"\",\"url\":\"https:\/\/ugsel-finistere.org\/index.php\/calendrier\/futsal-cadets-departemental-elite\/\",\"eventAttendanceMode\":\"https:\/\/schema.org\/OfflineEventAttendanceMode\",\"eventStatus\":\"https:\/\/schema.org\/EventScheduled\",\"startDate\":\"2025-11-26T13:30:00+01:00\",\"endDate\":\"2025-11-26T16:00:00+01:00\",\"performer\":\"Organization\"},{\"@context\":\"http:\/\/schema.org\",\"@type\":\"Event\",\"name\":\"Futsal benjamins : district 2 Nord \\u00e0 Guipavas\",\"description\":\"\",\"url\":\"https:\/\/ugsel-finistere.org\/index.php\/calendrier\/futsal-benjamins-district-2-nord\/\",\"eventAttendanceMode\":\"https:\/\/schema.org\/OfflineEventAttendanceMode\",\"eventStatus\":\"https:\/\/schema.org\/EventScheduled\",\"startDate\":\"2025-12-17T11:45:00+01:00\",\"endDate\":\"2025-12-17T15:00:00+01:00\",\"performer\":\"Organization\"},{\"@context\":\"http:\/\/schema.org\",\"@type\":\"Event\",\"name\":\"Futsal benjamins : district 2 Sud \\u00e0 Quimper\",\"description\":\"\",\"url\":\"https:\/\/ugsel-finistere.org\/index.php\/calendrier\/futsal-benjamins-district-2-sud\/\",\"eventAttendanceMode\":\"https:\/\/schema.org\/OfflineEventAttendanceMode\",\"eventStatus\":\"https:\/\/schema.org\/EventScheduled\",\"startDate\":\"2025-12-17T12:30:00+01:00\",\"endDate\":\"2025-12-17T15:30:00+01:00\",\"performer\":\"Organization\"},{\"@context\":\"http:\/\/schema.org\",\"@type\":\"Event\",\"name\":\"Futsal f\\u00e9minin : d\\u00e9partemental BF et MF \\u00e0 Pouldreuzic\",\"description\":\"\",\"url\":\"https:\/\/ugsel-finistere.org\/index.php\/calendrier\/futsal-benjamines-et-minimes-filles-departemental\/\",\"eventAttendanceMode\":\"https:\/\/schema.org\/OfflineEventAttendanceMode\",\"eventStatus\":\"https:\/\/schema.org\/EventScheduled\",\"startDate\":\"2026-01-14T10:00:00+01:00\",\"endDate\":\"2026-01-14T15:30:00+01:00\",\"performer\":\"Organization\"},{\"@context\":\"http:\/\/schema.org\",\"@type\":\"Event\",\"name\":\"Futsal minimes gar\\u00e7ons : district 2 Nord promo \\u00e0 Guipavas\",\"description\":\"\",\"url\":\"https:\/\/ugsel-finistere.org\/index.php\/calendrier\/futsal-minimes-garcons-district-2-nord-promo\/\",\"eventAttendanceMode\":\"https:\/\/schema.org\/OfflineEventAttendanceMode\",\"eventStatus\":\"https:\/\/schema.org\/EventScheduled\",\"startDate\":\"2026-01-21T11:45:00+01:00\",\"endDate\":\"2026-01-21T15:00:00+01:00\",\"performer\":\"Organization\"},{\"@context\":\"http:\/\/schema.org\",\"@type\":\"Event\",\"name\":\"Futsal minimes gar\\u00e7ons : district 2 Sud promo \\u00e0 Quimper\",\"description\":\"\",\"url\":\"https:\/\/ugsel-finistere.org\/index.php\/calendrier\/futsal-minimes-garcons-district-2-sud\/\",\"eventAttendanceMode\":\"https:\/\/schema.org\/OfflineEventAttendanceMode\",\"eventStatus\":\"https:\/\/schema.org\/EventScheduled\",\"startDate\":\"2026-01-21T12:30:00+01:00\",\"endDate\":\"2026-01-21T16:00:00+01:00\",\"performer\":\"Organization\"},{\"@context\":\"http:\/\/schema.org\",\"@type\":\"Event\",\"name\":\"Futsal : r\\u00e9gional JG \\u00e0 Dol de Bretagne (35)\",\"description\":\"\",\"url\":\"https:\/\/ugsel-finistere.org\/index.php\/calendrier\/futsal-regional-jg-a-dol-de-bretagne-35\/\",\"eventAttendanceMode\":\"https:\/\/schema.org\/OfflineEventAttendanceMode\",\"eventStatus\":\"https:\/\/schema.org\/EventScheduled\",\"startDate\":\"2026-02-04T08:00:00+01:00\",\"endDate\":\"2026-02-04T17:00:00+01:00\",\"performer\":\"Organization\"},{\"@context\":\"http:\/\/schema.org\",\"@type\":\"Event\",\"name\":\"Futsal : d\\u00e9partemental BG \\u00e0 Quimper\",\"description\":\"\",\"url\":\"https:\/\/ugsel-finistere.org\/index.php\/calendrier\/futsal-benjamins-departemental\/\",\"eventAttendanceMode\":\"https:\/\/schema.org\/OfflineEventAttendanceMode\",\"eventStatus\":\"https:\/\/schema.org\/EventScheduled\",\"startDate\":\"2026-02-04T12:00:00+01:00\",\"endDate\":\"2026-02-04T16:00:00+01:00\",\"performer\":\"Organization\"},{\"@context\":\"http:\/\/schema.org\",\"@type\":\"Event\",\"name\":\"Futsal : d\\u00e9partemental promo MG \\u00e0 Pouldreuzic\",\"description\":\"\",\"url\":\"https:\/\/ugsel-finistere.org\/index.php\/calendrier\/futsal-minimes-garcons-departemental-promo\/\",\"eventAttendanceMode\":\"https:\/\/schema.org\/OfflineEventAttendanceMode\",\"eventStatus\":\"https:\/\/schema.org\/EventScheduled\",\"startDate\":\"2026-02-11T10:30:00+01:00\",\"endDate\":\"2026-02-11T15:30:00+01:00\",\"performer\":\"Organization\"},{\"@context\":\"http:\/\/schema.org\",\"@type\":\"Event\",\"name\":\"Futsal : d\\u00e9partemental \\u00e9lite MG \\u00e0 Lesneven\",\"description\":\"\",\"url\":\"https:\/\/ugsel-finistere.org\/index.php\/calendrier\/futsal-minimes-garcons-departemental-elite\/\",\"eventAttendanceMode\":\"https:\/\/schema.org\/OfflineEventAttendanceMode\",\"eventStatus\":\"https:\/\/schema.org\/EventScheduled\",\"startDate\":\"2026-02-11T12:00:00+01:00\",\"endDate\":\"2026-02-11T16:30:00+01:00\",\"performer\":\"Organization\"},{\"@context\":\"http:\/\/schema.org\",\"@type\":\"Event\",\"name\":\"Futsal : r\\u00e9gional MF \\u00e0 Plo\\u00ebrmel (56)\",\"description\":\"\",\"url\":\"https:\/\/ugsel-finistere.org\/index.php\/calendrier\/futsal-regional-mf-a-ploermel-56\/\",\"eventAttendanceMode\":\"https:\/\/schema.org\/OfflineEventAttendanceMode\",\"eventStatus\":\"https:\/\/schema.org\/EventScheduled\",\"startDate\":\"2026-03-11T08:00:00+01:00\",\"endDate\":\"2026-03-11T17:00:00+01:00\",\"performer\":\"Organization\"},{\"@context\":\"http:\/\/schema.org\",\"@type\":\"Event\",\"name\":\"Futsal : r\\u00e9gional promo MG et \\u00e9lite MG\",\"description\":\"\",\"url\":\"https:\/\/ugsel-finistere.org\/index.php\/calendrier\/futsal-regional-promo-mg\/\",\"eventAttendanceMode\":\"https:\/\/schema.org\/OfflineEventAttendanceMode\",\"eventStatus\":\"https:\/\/schema.org\/EventScheduled\",\"startDate\":\"2026-03-18T08:00:00+01:00\",\"endDate\":\"2026-03-18T17:00:00+01:00\",\"performer\":\"Organization\"},{\"@context\":\"http:\/\/schema.org\",\"@type\":\"Event\",\"name\":\"Futsal : national JG et CJF \\u00e0 Laval (53)\",\"description\":\"\",\"url\":\"https:\/\/ugsel-finistere.org\/index.php\/calendrier\/futsal-national-jg-a-laval-53\/\",\"eventAttendanceMode\":\"https:\/\/schema.org\/OfflineEventAttendanceMode\",\"eventStatus\":\"https:\/\/schema.org\/EventScheduled\",\"startDate\":\"2026-03-25T08:00:00+01:00\",\"endDate\":\"2026-03-27T17:00:00+01:00\",\"performer\":\"Organization\"},{\"@context\":\"http:\/\/schema.org\",\"@type\":\"Event\",\"name\":\"Futsal : national promo CG \\u00e0 Ploemeur (56)\",\"description\":\"\",\"url\":\"https:\/\/ugsel-finistere.org\/index.php\/calendrier\/futsal-national-promo-cg-a-ploemeur-56\/\",\"eventAttendanceMode\":\"https:\/\/schema.org\/OfflineEventAttendanceMode\",\"eventStatus\":\"https:\/\/schema.org\/EventScheduled\",\"startDate\":\"2026-04-01T08:00:00+02:00\",\"endDate\":\"2026-04-03T17:00:00+02:00\",\"performer\":\"Organization\"},{\"@context\":\"http:\/\/schema.org\",\"@type\":\"Event\",\"name\":\"Futsal : national \\u00e9lite CG \\u00e0 Saint-S\\u00e9bastien sur Loire (44)\",\"description\":\"\",\"url\":\"https:\/\/ugsel-finistere.org\/index.php\/calendrier\/futsal-national-elite-cg-a-saint-sebastien-sur-loire-44\/\",\"eventAttendanceMode\":\"https:\/\/schema.org\/OfflineEventAttendanceMode\",\"eventStatus\":\"https:\/\/schema.org\/EventScheduled\",\"startDate\":\"2026-04-01T08:00:00+02:00\",\"endDate\":\"2026-04-03T17:00:00+02:00\",\"performer\":\"Organization\"},{\"@context\":\"http:\/\/schema.org\",\"@type\":\"Event\",\"name\":\"Futsal : r\\u00e9gional BF et BG \\u00e0 Guingamp\",\"description\":\"\",\"url\":\"https:\/\/ugsel-finistere.org\/index.php\/calendrier\/futsal-regional-bf-et-bg\/\",\"eventAttendanceMode\":\"https:\/\/schema.org\/OfflineEventAttendanceMode\",\"eventStatus\":\"https:\/\/schema.org\/EventScheduled\",\"startDate\":\"2026-04-08T08:00:00+02:00\",\"endDate\":\"2026-04-08T17:00:00+02:00\",\"performer\":\"Organization\"}]\r\n<\/script><!--\n Event listing powered by The Events Calendar Shortcode\n https:\/\/eventcalendarnewsletter.com\/the-events-calendar-shortcode\/ \n-->","protected":false},"excerpt":{"rendered":"<p>Ev\u00e8nements pass\u00e9s :<\/p>\n","protected":false},"author":3,"featured_media":4050,"parent":0,"menu_order":0,"comment_status":"closed","ping_status":"closed","template":"","meta":{"_tec_requires_first_save":true,"_uag_custom_page_level_css":"","neve_meta_sidebar":"","neve_meta_container":"","neve_meta_enable_content_width":"","neve_meta_content_width":0,"neve_meta_title_alignment":"","neve_meta_author_avatar":"","neve_post_elements_order":"","neve_meta_disable_header":"off","neve_meta_disable_footer":"","neve_meta_disable_title":"off","_EventAllDay":false,"_EventTimezone":"","_EventStartDate":"","_EventEndDate":"","_EventStartDateUTC":"","_EventEndDateUTC":"","_EventShowMap":false,"_EventShowMapLink":false,"_EventURL":"","_EventCost":"","_EventCostDescription":"","_EventCurrencySymbol":"","_EventCurrencyCode":"","_EventCurrencyPosition":"","_EventDateTimeSeparator":"","_EventTimeRangeSeparator":"","_EventOrganizerID":[],"_EventVenueID":[],"_OrganizerEmail":"","_OrganizerPhone":"","_OrganizerWebsite":"","_VenueAddress":"","_VenueCity":"","_VenueCountry":"","_VenueProvince":"","_VenueState":"","_VenueZip":"","_VenuePhone":"","_VenueURL":"","_VenueStateProvince":"","_VenueLat":"","_VenueLng":"","_VenueShowMap":false,"_VenueShowMapLink":false,"_tribe_blocks_recurrence_rules":"","_tribe_blocks_recurrence_description":"","_tribe_blocks_recurrence_exclusions":"","_themeisle_gutenberg_block_has_review":false,"footnotes":""},"class_list":["post-742","page","type-page","status-publish","has-post-thumbnail","hentry"],"uagb_featured_image_src":{"full":["https:\/\/ugsel-finistere.org\/wp-content\/uploads\/2025\/10\/otum-nw-_ny-e1759500945266.jpg",1600,630,false],"thumbnail":["https:\/\/ugsel-finistere.org\/wp-content\/uploads\/2025\/10\/otum-nw-_ny-e1759500945266-150x150.jpg",150,150,true],"medium":["https:\/\/ugsel-finistere.org\/wp-content\/uploads\/2025\/10\/otum-nw-_ny-e1759500945266-300x118.jpg",300,118,true],"medium_large":["https:\/\/ugsel-finistere.org\/wp-content\/uploads\/2025\/10\/otum-nw-_ny-e1759500945266-768x302.jpg",768,302,true],"large":["https:\/\/ugsel-finistere.org\/wp-content\/uploads\/2025\/10\/otum-nw-_ny-e1759500945266-1024x403.jpg",1024,403,true],"1536x1536":["https:\/\/ugsel-finistere.org\/wp-content\/uploads\/2025\/10\/otum-nw-_ny-e1759500945266-1536x605.jpg",1536,605,true],"2048x2048":["https:\/\/ugsel-finistere.org\/wp-content\/uploads\/2025\/10\/otum-nw-_ny-e1759500945266.jpg",1600,630,false],"neve-blog":["https:\/\/ugsel-finistere.org\/wp-content\/uploads\/2025\/10\/otum-nw-_ny-e1759500945266-930x620.jpg",930,620,true]},"uagb_author_info":{"display_name":"Helene","author_link":"https:\/\/ugsel-finistere.org\/index.php\/author\/helene\/"},"uagb_comment_info":0,"uagb_excerpt":"Ev\u00e8nements pass\u00e9s :","_links":{"self":[{"href":"https:\/\/ugsel-finistere.org\/index.php\/wp-json\/wp\/v2\/pages\/742","targetHints":{"allow":["GET"]}}],"collection":[{"href":"https:\/\/ugsel-finistere.org\/index.php\/wp-json\/wp\/v2\/pages"}],"about":[{"href":"https:\/\/ugsel-finistere.org\/index.php\/wp-json\/wp\/v2\/types\/page"}],"author":[{"embeddable":true,"href":"https:\/\/ugsel-finistere.org\/index.php\/wp-json\/wp\/v2\/users\/3"}],"replies":[{"embeddable":true,"href":"https:\/\/ugsel-finistere.org\/index.php\/wp-json\/wp\/v2\/comments?post=742"}],"version-history":[{"count":18,"href":"https:\/\/ugsel-finistere.org\/index.php\/wp-json\/wp\/v2\/pages\/742\/revisions"}],"predecessor-version":[{"id":6006,"href":"https:\/\/ugsel-finistere.org\/index.php\/wp-json\/wp\/v2\/pages\/742\/revisions\/6006"}],"wp:featuredmedia":[{"embeddable":true,"href":"https:\/\/ugsel-finistere.org\/index.php\/wp-json\/wp\/v2\/media\/4050"}],"wp:attachment":[{"href":"https:\/\/ugsel-finistere.org\/index.php\/wp-json\/wp\/v2\/media?parent=742"}],"curies":[{"name":"wp","href":"https:\/\/api.w.org\/{rel}","templated":true}]}}